{"id":425,"date":"2021-02-02T22:32:18","date_gmt":"2021-02-02T22:32:18","guid":{"rendered":"http:\/\/www.lektoratsbuero-architektur.de\/?page_id=425"},"modified":"2022-02-23T11:21:38","modified_gmt":"2022-02-23T11:21:38","slug":"datenschutz","status":"publish","type":"page","link":"https:\/\/www.lektoratsbuero-architektur.de\/en\/datenschutz\/","title":{"rendered":"\u00bb Data Protection"},"content":{"rendered":"<p>[et_pb_section fb_built=&#8220;1&#8243; _builder_version=&#8220;4.14.7&#8243; _module_preset=&#8220;default&#8220; custom_padding=&#8220;0px||||false|false&#8220; global_colors_info=&#8220;{}&#8220;][et_pb_row _builder_version=&#8220;4.6.1&#8243; _module_preset=&#8220;default&#8220; global_colors_info=&#8220;{}&#8220;][et_pb_column type=&#8220;4_4&#8243; _builder_version=&#8220;4.6.1&#8243; _module_preset=&#8220;default&#8220; global_colors_info=&#8220;{}&#8220;][et_pb_text _builder_version=&#8220;4.14.7&#8243; _module_preset=&#8220;default&#8220; header_2_font=&#8220;Source Serif Pro||||||||&#8220; header_2_text_color=&#8220;#22c991&#8243; header_2_font_size=&#8220;25px&#8220; custom_padding=&#8220;10px||10px||false|false&#8220; border_width_top=&#8220;4px&#8220; border_color_top=&#8220;#000000&#8243; global_colors_info=&#8220;{}&#8220;]<\/p>\n<h3><strong><span style=\"color: #2b2b2b;\">Datenschutzerkl\u00e4rung<\/span><\/strong><\/h3>\n<p>[\/et_pb_text][et_pb_text _builder_version=&#8220;4.14.8&#8243; _dynamic_attributes=&#8220;link_option_url&#8220; _module_preset=&#8220;default&#8220; background_color=&#8220;rgba(0,0,0,0)&#8220; custom_margin=&#8220;||0px||false|false&#8220; custom_padding=&#8220;10px||10px||false|false&#8220; link_option_url=&#8220;@ET-DC@eyJkeW5hbWljIjp0cnVlLCJjb250ZW50IjoicG9zdF9saW5rX3VybF9wYWdlIiwic2V0dGluZ3MiOnsicG9zdF9pZCI6IjQxNCJ9fQ==@&#8220; global_colors_info=&#8220;{}&#8220;]<\/p>\n<div id=\"kopfbalken\">\u00a0<\/div>\n<h3><strong>1. Datenschutz auf einen Blick<\/strong><\/h3>\n<h4><strong>Allgemeine Hinweise<\/strong><\/h4>\n<p>Die folgenden Hinweise geben einen einfachen \u00dcberblick daru\u0308ber, was mit Ihren personenbezogenen Daten passiert, wenn Sie diese Website besuchen. Personenbezogene Daten sind alle Daten, mit denen Sie pers\u00f6nlich identifiziert werden k\u00f6nnen. Ausfu\u0308hrliche Informationen zum Thema Datenschutz entnehmen Sie unserer unter diesem Text aufgefu\u0308hrten Datenschutzerkl\u00e4rung.<\/p>\n<h4><strong>Datenerfassung auf dieser Website<\/strong><\/h4>\n<p>Wer ist verantwortlich fu\u0308r die Datenerfassung auf dieser Website?<br \/>Die Datenverarbeitung auf dieser Website erfolgt durch den Websitebetreiber. Dessen Kontaktdaten k\u00f6nnen Sie dem Abschnitt \u201eHinweis zur Verantwortlichen Stelle\u201c in dieser Datenschutzerkl\u00e4rung entnehmen.<\/p>\n<h4><strong>Wie erfassen wir Ihre Daten?<\/strong><\/h4>\n<p>Ihre Daten werden zum einen dadurch erhoben, dass Sie uns diese mitteilen. Hierbei kann es sich z.B. um Daten handeln, die Sie in ein Kontaktformular eingeben.<br \/>Andere Daten werden automatisch oder nach Ihrer Einwilligung beim Besuch der Website durch unsere ITSysteme erfasst. Das sind vor allem technische Daten (z. B. Internetbrowser, Betriebssystem oder Uhrzeit des Seitenaufrufs). Die Erfassung dieser Daten erfolgt automatisch, sobald Sie diese Website betreten.<\/p>\n<h4><strong>Wofu\u0308r nutzen wir Ihre Daten?<\/strong><\/h4>\n<p>Ein Teil der Daten wird erhoben, um eine fehlerfreie Bereitstellung der Website zu gew\u00e4hrleisten. Andere Daten k\u00f6nnen zur Analyse Ihres Nutzerverhaltens verwendet werden.<\/p>\n<h4>Welche Rechte haben Sie bezu\u0308glich Ihrer Daten?<\/h4>\n<p>Sie haben jederzeit das Recht, unentgeltlich Auskunft u\u0308ber Herkunft, Empf\u2000nger und Zweck Ihrer gespeicherten personenbezogenen Daten zu erhalten. Sie haben au\u00dferdem ein Recht, die Berichtigung oder L\u00f6schung dieser Daten zu verlangen. Wenn Sie eine Einwilligung zur Datenverarbeitung erteilt haben, k\u00f6nnen Sie diese Einwilligung jederzeit fu\u0308r die Zukunft widerrufen. Au\u00dferdem haben Sie das Recht, unterbestimmten Umst\u00e4nden die Einschr\u00e4nkung der Verarbeitung Ihrer personenbezogenen Daten zu verlangen. Des Weiteren steht Ihnen ein Beschwerderecht bei der zust\u00e4ndigen Aufsichtsbeh\u00f6rde zu. Hierzu sowie zu weiteren Fragen zum Thema Datenschutz k\u00f6nnen Sie sich jederzeit an uns wenden.<\/p>\n<h4><strong>Analyse-Tools und Tools von Drittanbietern<\/strong><\/h4>\n<p>Beim Besuch dieser Website kann Ihr Surf-Verhalten statistisch ausgewertet werden. Das geschieht vor allem mit sogenannten Analyseprogrammen. Detaillierte Informationen zu diesen Analyseprogrammen finden Sie in der folgenden Datenschutzerkl\u00e4rung.<\/p>\n<h3><strong>2. Hosting<\/strong><\/h3>\n<h4><strong>Strato<\/strong><\/h4>\n<p>Wir hosten unsere Website bei Strato. Anbieter ist die Strato AG, Pascalstra\u2000e 10, 10587 Berlin (nachfolgend \u201eStrato\u201c). Wenn Sie unsere Website besuchen, erfasst Strato verschiedene Logfiles inklusive Ihrer IP-Adressen.<\/p>\n<p>Weitere Informationen entnehmen Sie der Datenschutzerkl\u00e4rung von Strato:<br \/><a href=\"https:\/\/www.strato.de\/datenschutz\/\">https:\/\/www.strato.de\/datenschutz\/<\/a>.<\/p>\n<p>Die Verwendung von Strato erfolgt auf Grundlage von Art. 6 Abs. 1 lit. f DSGVO. Wir haben ein berechtigtes Interesse an einer m\u00f6glichst zuverl\u00e4ssigen Darstellung unserer Website. Sofern eine entsprechende Einwilligung abgefragt wurde, erfolgt die Verarbeitung ausschlie\u00dflich auf Grundlage von Art. 6 Abs. 1 lit. a DSGVO und \u00a7 25 Abs. 1 TTDSG, soweit die Einwilligung die Speicherung von Cookies oder den Zugriff auf Informationen im Endger\u00e4t des Nutzers (z.B. Device-Fingerprinting) im Sinne des TTDSG umfasst. Die Einwilligung ist jederzeit widerrufbar.<\/p>\n<h3><strong>3. Allgemeine Hinweise und Pflichtinformationen<\/strong><\/h3>\n<h4><strong>Datenschutz<\/strong><\/h4>\n<p>Die Betreiber dieser Seiten nehmen den Schutz Ihrer pers\u2000nlichen Daten sehr ernst. Wir behandeln Ihre personenbezogenen Daten vertraulich und entsprechend den gesetzlichen Datenschutzvorschriften sowie dieser Datenschutzerkl\u00e4rung. Wenn Sie diese Website benutzen, werden verschiedene personenbezogene Daten erhoben.<br \/>Personenbezogene Daten sind Daten, mit denen Sie pers\u00f6nlich identifiziert werden k\u00f6nnen. Die vorliegende Datenschutzerkl\u00e4rung erl\u00e4utert, welche Daten wir erheben und wofu\u0308r wir sie nutzen. Sie erl\u2000utert auch, wie und zu welchem Zweck das geschieht.<br \/>Wir weisen darauf hin, dass die Datenu\u0308bertragung im Internet (z.B. bei der Kommunikation per E-Mail) Sicherheitslu\u0308cken aufweisen kann. Ein lu\u0308ckenloser Schutz der Daten vor dem Zugriff durch Dritte ist nichtm\u00f6glich.<\/p>\n<h4><strong>Hinweis zur verantwortlichen Stelle<\/strong><\/h4>\n<p>Die verantwortliche Stelle fu\u0308r die Datenverarbeitung auf dieser Website ist:<\/p>\n<p>Ria Stein<br \/>Lektoratsbu\u0308ro Architektur<br \/>Lu\u0308tzowstra\u00dfe 33\u201336<br \/>10785 Berlin<br \/>ph: +49 (0) 30 4427983<\/p>\n<p>E-Mail: <a href=\"mailto:info@lektoratsbuero-architektur.de\">info(at)editorial-office-architecture.com<\/a><\/p>\n<p>Verantwortliche Stelle ist die natu\u0308rliche oder juristische Person, die allein oder gemeinsam mit anderen u\u0308ber die Zwecke und Mittel der Verarbeitung von personenbezogenen Daten (z. B. Namen, E-Mail-Adressen o. \u00e4.) entscheidet.<\/p>\n<h4><strong>Speicherdauer<\/strong><\/h4>\n<p>Soweit innerhalb dieser Datenschutzerkl\u2000rung keine speziellere Speicherdauer genannt wurde, verbleiben Ihre personenbezogenen Daten bei uns, bis der Zweck fu\u0308r die Datenverarbeitung entf\u2000llt. Wenn Sie ein berechtigtes L\u00f6schersuchen geltend machen oder eine Einwilligung zur Datenverarbeitung widerrufen, werden Ihre Daten gel\u2000scht, sofern wir keine anderen rechtlich zul\u2000ssigen Gru\u0308nde fu\u0308r die Speicherung Ihrer personenbezogenen Daten haben (z. B. steuer- oder handelsrechtliche Aufbewahrungsfristen); im<br \/>letztgenannten Fall erfolgt die L\u2000schung nach Fortfall dieser Gru\u0308nde.<\/p>\n<h4><strong>Allgemeine Hinweise zu den Rechtsgrundlagen der Datenverarbeitung auf dieser Website<\/strong><\/h4>\n<p>Sofern Sie in die Datenverarbeitung eingewilligt haben, verarbeiten wir Ihre personenbezogenen Daten auf Grundlage von Art. 6 Abs. 1 lit. a DSGVO bzw. Art. 9 Abs. 2 lit. a DSGVO, sofern besondere Datenkategorien nach Art. 9 Abs. 1 DSGVO verarbeitet werden. Im Falle einer ausdru\u0308cklichen Einwilligung in die \u00dcbertragung personenbezogener Daten in Drittstaaten erfolgt die Datenverarbeitung au\u2000erdem auf Grundlage von Art. 49 Abs. 1 lit. a DSGVO. Sofern Sie in die Speicherung von Cookies oder in den Zugriff auf Informationen in Ihr Endger\u00e4t (z.B. via Device-Fingerprinting) eingewilligt haben, erfolgt die Datenverarbeitung zus\u00e4tzlich auf Grundlage von \u00a7 25 Abs. 1 TTDSG. Die Einwilligung ist jederzeit widerrufbar. Sind Ihre Daten zur Vertragserfu\u0308llung oder zur Durchfu\u0308hrung vorvertraglicher Ma\u00dfnahmen erforderlich, verarbeiten wir Ihre Daten auf Grundlage des Art. 6 Abs. 1 lit. b DSGVO. Des Weiteren verarbeiten wir Ihre Daten, sofern diese zur Erfu\u0308llung einer rechtlichen Verpflichtung erforderlich sind auf Grundlage von Art. 6 Abs. 1 lit. c DSGVO. Die Datenverarbeitung kann ferner auf Grundlage unseres berechtigten Interesses nach Art. 6 Abs. 1 lit. f DSGVO erfolgen. \u00dcber die jeweils im Einzelfall einschl\u00e4gigen Rechtsgrundlagen wird in den folgenden Abs\u00e4tzen dieser Datenschutzerkl\u00e4rung informiert.<\/p>\n<h4><strong>Hinweis zur Datenweitergabe in die USA und sonstige Drittstaaten<\/strong><\/h4>\n<p>Wir verwenden unter anderem Tools von Unternehmen mit Sitz in den USA oder sonstigen datenschutzrechtlich nicht sicheren Drittstaaten. Wenn diese Tools aktiv sind, k\u00f6nnen Ihre personenbezogene Daten in diese Drittstaaten u\u0308bertragen und dort verarbeitet werden. Wir weisen darauf hin, dass in diesen L\u00e4ndern kein mit der EU vergleichbares Datenschutzniveau garantiert werden kann.<br \/>Beispielsweise sind US-Unternehmen dazu verpflichtet, personenbezogene Daten an Sicherheitsbeh\u00f6rden herauszugeben, ohne dass Sie als Betroffener hiergegen gerichtlich vorgehen k\u00f6nnten. Es kann daher nicht ausgeschlossen werden, dass US-Beh\u00f6rden (z.B. Geheimdienste) Ihre auf US-Servern befindlichen Daten zu \u00dcberwachungszwecken verarbeiten, auswerten und dauerhaft speichern. Wir haben auf diese Verarbeitungst\u00e4tigkeiten keinen Einfluss.<\/p>\n<h4><strong>Widerruf Ihrer Einwilligung zur Datenverarbeitung<\/strong><\/h4>\n<p>Viele Datenverarbeitungsvorg\u00e4nge sind nur mit Ihrer ausdru\u0308cklichen Einwilligung m\u00f6glich. Sie k\u00f6nnen einebereits erteilte Einwilligung jederzeit widerrufen. Die Rechtm\u00e4\u00dfigkeit der bis zum Widerruf erfolgten Datenverarbeitung bleibt vom Widerruf unberu\u0308hrt.<\/p>\n<p><strong>Widerspruchsrecht gegen die Datenerhebung in besonderen F\u00e4llen sowie gegen Direktwerbung (Art. 21 DSGVO)<\/strong><\/p>\n<p>WENN DIE DATENVERARBEITUNG AUF GRUNDLAGE VON ART. 6 ABS. 1 LIT. E ODER F DSGVO ERFOLGT, HABEN SIE JEDERZEIT DAS RECHT, AUS GR\u00dcNDEN, DIE SICH AUS IHRER BESONDEREN SITUATION ERGEBEN, GEGEN DIE VERARBEITUNG IHRER PERSONENBEZOGENEN DATEN WIDERSPRUCH EINZULEGEN; DIES GILT AUCH F\u00dcR EIN AUF DIESE BESTIMMUNGEN GEST\u00dcTZTES PROFILING. DIE JEWEILIGE RECHTSGRUNDLAGE, AUF DENEN EINE VERARBEITUNG BERUHT, ENTNEHMEN SIE DIESER DATENSCHUTZERKL\u00c4RUNG. WENN SIE WIDERSPRUCH EINLEGEN, WERDEN WIR IHRE BETROFFENEN PERSONENBEZOGENEN DATEN NICHT MEHR VERARBEITEN, ES SEI DENN, WIR K\u00d6NNEN ZWINGENDE SCHUTZW\u00dcRDIGE GR\u00dcNDE F\u00dcR DIE VERARBEITUNG NACHWEISEN, DIE IHRE INTERESSEN, RECHTE UND FREIHEITEN \u00dcBERWIEGEN ODER DIE VERARBEITUNG DIENT DER GELTENDMACHUNG, AUS\u2000BUNG ODER VERTEIDIGUNG VON RECHTSANSPR\u00dcCHEN (WIDERSPRUCH NACH ART. 21 ABS. 1 DSGVO).<br \/>WERDEN IHRE PERSONENBEZOGENEN DATEN VERARBEITET, UM DIREKTWERBUNG ZU BETREIBEN, SO HABEN SIE DAS RECHT, JEDERZEIT WIDERSPRUCH GEGEN DIE VERARBEITUNG SIE BETREFFENDER PERSONENBEZOGENER DATEN ZUM ZWECKE DERARTIGER WERBUNG EINZULEGEN; DIES GILT AUCH F\u00dcR DAS PROFILING, SOWEIT ES MIT SOLCHER DIREKTWERBUNG IN VERBINDUNG STEHT. WENN SIE WIDERSPRECHEN, WERDEN IHRE PERSONENBEZOGENEN DATEN ANSCHLIESSEND NICHT MEHR ZUM ZWECKE DER DIREKTWERBUNG VERWENDET (WIDERSPRUCH NACH ART. 21 ABS. 2 DSGVO).<\/p>\n<p>Beschwerderecht bei der zust\u00e4ndigen Aufsichtsbeh\u2000rdeIm Falle von Verst\u00f6\u00dfen gegen die DSGVO steht den Betroffenen ein Beschwerderecht bei einer Aufsichtsbeh\u00f6rde, insbesondere in dem Mitgliedstaat ihres gew\u00f6hnlichen Aufenthalts, ihres Arbeitsplatzes<br \/>oder des Orts des mutma\u00dflichen Versto\u00dfes zu. Das Beschwerderecht besteht unbeschadet anderweitiger<br \/>verwaltungsrechtlicher oder gerichtlicher Rechtsbehelfe.<\/p>\n<h4><strong>Recht auf Datenu\u0308bertragbarkeit<\/strong><\/h4>\n<p>Sie haben das Recht, Daten, die wir auf Grundlage Ihrer Einwilligung oder in Erfu\u0308llung eines Vertrags automatisiert verarbeiten, an sich oder an einen Dritten in einem g\u00e4ngigen, maschinenlesbaren Format aush\u00e4ndigen zu lassen. Sofern Sie die direkte \u00dcbertragung der Daten an einen anderen Verantwortlichen verlangen, erfolgt dies nur, soweit es technisch machbar ist.<\/p>\n<p><strong>SSL- bzw. TLS-Verschlu\u0308sselung<\/strong><\/p>\n<p>Diese Seite nutzt aus Sicherheitsgru\u0308nden und zum Schutz der \u00dcbertragung vertraulicher Inhalte, wie zum Beispiel Bestellungen oder Anfragen, die Sie an uns als Seitenbetreiber senden, eine SSL- bzw. TLSVerschlu\u0308sselung.<br \/>Eine verschlu\u0308sselte Verbindung erkennen Sie daran, dass die Adresszeile des Browsers von \u201ehttp:\/\/\u201c auf \u201ehttps:\/\/\u201c wechselt und an dem Schloss-Symbol in Ihrer Browserzeile.<br \/>Wenn die SSL- bzw. TLS-Verschlu\u0308sselung aktiviert ist, k\u00f6nnen die Daten, die Sie an uns u\u0308bermitteln, nicht von Dritten mitgelesen werden.<\/p>\n<p><strong>Auskunft, L\u00f6schung und Berichtigung<\/strong><\/p>\n<p>Sie haben im Rahmen der geltenden gesetzlichen Bestimmungen jederzeit das Recht auf unentgeltliche Auskunft u\u0308ber Ihre gespeicherten personenbezogenen Daten, deren Herkunft und Empf\u2000nger und den Zweck der Datenverarbeitung und ggf. ein Recht auf Berichtigung oder L\u00f6schung dieser Daten. Hierzu sowie zu weiteren Fragen zum Thema personenbezogene Daten k\u00f6nnen Sie sich jederzeit an uns wenden.<\/p>\n<p><strong>Recht auf Einschr\u00e4nkung der Verarbeitung<\/strong><\/p>\n<p>Sie haben das Recht, die Einschr\u2000nkung der Verarbeitung Ihrer personenbezogenen Daten zu verlangen.<br \/>Hierzu k\u00f6nnen Sie sich jederzeit an uns wenden. Das Recht auf Einschr\u00e4nkung der Verarbeitung besteht in folgenden F\u00e4llen:<br \/>Wenn Sie die Richtigkeit Ihrer bei uns gespeicherten personenbezogenen Daten bestreiten, ben\u00f6tigen wir in der Regel Zeit, um dies zu u\u0308berpru\u0308fen. Fu\u0308r die Dauer der Pru\u0308fung haben Sie das Recht, die Einschr\u00e4nkung der Verarbeitung Ihrer personenbezogenen Daten zu verlangen. Wenn die Verarbeitung Ihrer personenbezogenen Daten unrechtm\u00e4\u00dfig geschah\/geschieht, k\u00f6nnen Sie statt der L\u00f6schung die Einschr\u00e4nkung der Datenverarbeitung verlangen.<br \/>Wenn wir Ihre personenbezogenen Daten nicht mehr ben\u00f6tigen, Sie sie jedoch zur Ausu\u0308bung, Verteidigung oder Geltendmachung von Rechtsanspru\u0308chen ben\u00f6tigen, haben Sie das Recht, statt der L\u00f6schung die Einschr\u00e4nkung der Verarbeitung Ihrer personenbezogenen Daten zu verlangen.<br \/>Wenn Sie einen Widerspruch nach Art. 21 Abs. 1 DSGVO eingelegt haben, muss eine Abw\u00e4gung zwischen Ihren und unseren Interessen vorgenommen werden. Solange noch nicht feststeht, wessen Interessen u\u0308berwiegen, haben Sie das Recht, die Einschr\u2000nkung der Verarbeitung Ihrer personenbezogenen Daten zu verlangen.<br \/>Wenn Sie die Verarbeitung Ihrer personenbezogenen Daten eingeschr\u00e4nkt haben, du\u0308rfen diese Daten \u2013 von ihrer Speicherung abgesehen \u2013 nur mit Ihrer Einwilligung oder zur Geltendmachung, Ausu\u0308bung oder Verteidigung von Rechtsanspru\u0308chen oder zum Schutz der Rechte einer anderen natu\u0308rlichen oder juristischen Person oder aus Gru\u0308nden eines wichtigen \u00d6ffentlichen Interesses der Europ\u00e4ischen Union oder eines Mitgliedstaats verarbeitet werden.<\/p>\n<p><strong>Widerspruch gegen Werbe-E-Mails<\/strong><\/p>\n<p>Der Nutzung von im Rahmen der Impressumspflicht ver\u00f6ffentlichten Kontaktdaten zur \u00dcbersendung von nicht ausdru\u0308cklich angeforderter Werbung und Informationsmaterialien wird hiermit widersprochen. Die Betreiber der Seiten behalten sich ausdru\u0308cklich rechtliche Schritte im Falle der unverlangten Zusendung von Werbeinformationen, etwa durch Spam-E-Mails, vor.<\/p>\n<h3><strong>4. Datenerfassung auf dieser Website<\/strong><\/h3>\n<p><strong>Anfrage per E-Mail, Telefon oder Telefax<\/strong><\/p>\n<p>Wenn Sie uns per E-Mail, Telefon oder Telefax kontaktieren, wird Ihre Anfrage inklusive aller daraus hervorgehenden personenbezogenen Daten (Name, Anfrage) zum Zwecke der Bearbeitung Ihres Anliegens bei uns gespeichert und verarbeitet. Diese Daten geben wir nicht ohne Ihre Einwilligung weiter.<br \/>Die Verarbeitung dieser Daten erfolgt auf Grundlage von Art. 6 Abs. 1 lit. b DSGVO, sofern Ihre Anfrage mit der Erfu\u0308llung eines Vertrags zusammenh\u2000ngt oder zur Durchfu\u0308hrung vorvertraglicher Ma\u00dfnahmen erforderlich ist. In allen u\u0308brigen F\u00e4llen beruht die Verarbeitung auf unserem berechtigten Interesse an der effektiven Bearbeitung der an uns gerichteten Anfragen (Art. 6 Abs. 1 lit. f DSGVO) oder auf Ihrer Einwilligung (Art. 6 Abs. 1 lit. a DSGVO) sofern diese abgefragt wurde; die Einwilligung ist jederzeit<br \/>widerrufbar.<br \/>Die von Ihnen an uns per Kontaktanfragen u\u0308bersandten Daten verbleiben bei uns, bis Sie uns zur L\u00f6schung auffordern, Ihre Einwilligung zur Speicherung widerrufen oder der Zweck fu\u0308r die Datenspeicherung entf\u00e4llt (z.B. nach abgeschlossener Bearbeitung Ihres Anliegens). Zwingende gesetzliche Bestimmungen \u2013 insbesondere gesetzliche Aufbewahrungsfristen \u2013 bleiben unberu\u0308hrt.<\/p>\n<p>&nbsp;<\/p>\n<p>Quelle: <a href=\"https:\/\/www.e-recht24.de\">https:\/\/www.e-recht24.de<\/a><\/p>\n<p>[\/et_pb_text][\/et_pb_column][\/et_pb_row][\/et_pb_section]<\/p>","protected":false},"excerpt":{"rendered":"<p>Datenschutzerkl\u00e4rung\u00a0 1. Datenschutz auf einen Blick Allgemeine Hinweise Die folgenden Hinweise geben einen einfachen \u00dcberblick daru\u0308ber, was mit Ihren personenbezogenen Daten passiert, wenn Sie diese Website besuchen. Personenbezogene Daten sind alle Daten, mit denen Sie pers\u00f6nlich identifiziert werden k\u00f6nnen. Ausfu\u0308hrliche Informationen zum Thema Datenschutz entnehmen Sie unserer unter diesem Text aufgefu\u0308hrten Datenschutzerkl\u00e4rung. Datenerfassung auf dieser [&hellip;]<\/p>","protected":false},"author":1,"featured_media":0,"parent":0,"menu_order":0,"comment_status":"closed","ping_status":"closed","template":"","meta":{"_et_pb_use_builder":"on","_et_pb_old_content":"","_et_gb_content_width":"","footnotes":""},"yoast_head":"<!-- This site is optimized with the Yoast SEO plugin v22.2 - https:\/\/yoast.com\/wordpress\/plugins\/seo\/ -->\n<title>\u00bb Datenschutz - Lektoratsbuero Architektur<\/title>\n<meta name=\"robots\" content=\"index, follow, max-snippet:-1, max-image-preview:large, max-video-preview:-1\" \/>\n<link rel=\"canonical\" href=\"https:\/\/www.lektoratsbuero-architektur.de\/en\/datenschutz\/\" \/>\n<meta property=\"og:locale\" content=\"en_US\" \/>\n<meta property=\"og:type\" content=\"article\" \/>\n<meta property=\"og:title\" content=\"\u00bb Datenschutz - Lektoratsbuero Architektur\" \/>\n<meta property=\"og:description\" content=\"Datenschutzerkl\u00e4rung\u00a0 1. Datenschutz auf einen Blick Allgemeine Hinweise Die folgenden Hinweise geben einen einfachen \u00dcberblick daru\u0308ber, was mit Ihren personenbezogenen Daten passiert, wenn Sie diese Website besuchen. Personenbezogene Daten sind alle Daten, mit denen Sie pers\u00f6nlich identifiziert werden k\u00f6nnen. Ausfu\u0308hrliche Informationen zum Thema Datenschutz entnehmen Sie unserer unter diesem Text aufgefu\u0308hrten Datenschutzerkl\u00e4rung. Datenerfassung auf dieser [&hellip;]\" \/>\n<meta property=\"og:url\" content=\"https:\/\/www.lektoratsbuero-architektur.de\/en\/datenschutz\/\" \/>\n<meta property=\"og:site_name\" content=\"Lektoratsbuero Architektur\" \/>\n<meta property=\"article:modified_time\" content=\"2022-02-23T11:21:38+00:00\" \/>\n<meta name=\"twitter:card\" content=\"summary_large_image\" \/>\n<meta name=\"twitter:label1\" content=\"Est. reading time\" \/>\n\t<meta name=\"twitter:data1\" content=\"11 minutes\" \/>\n<script type=\"application\/ld+json\" class=\"yoast-schema-graph\">{\"@context\":\"https:\/\/schema.org\",\"@graph\":[{\"@type\":\"WebPage\",\"@id\":\"https:\/\/www.lektoratsbuero-architektur.de\/datenschutz\/\",\"url\":\"https:\/\/www.lektoratsbuero-architektur.de\/datenschutz\/\",\"name\":\"\u00bb Datenschutz - Lektoratsbuero Architektur\",\"isPartOf\":{\"@id\":\"https:\/\/www.lektoratsbuero-architektur.de\/#website\"},\"datePublished\":\"2021-02-02T22:32:18+00:00\",\"dateModified\":\"2022-02-23T11:21:38+00:00\",\"breadcrumb\":{\"@id\":\"https:\/\/www.lektoratsbuero-architektur.de\/datenschutz\/#breadcrumb\"},\"inLanguage\":\"en-US\",\"potentialAction\":[{\"@type\":\"ReadAction\",\"target\":[\"https:\/\/www.lektoratsbuero-architektur.de\/datenschutz\/\"]}]},{\"@type\":\"BreadcrumbList\",\"@id\":\"https:\/\/www.lektoratsbuero-architektur.de\/datenschutz\/#breadcrumb\",\"itemListElement\":[{\"@type\":\"ListItem\",\"position\":1,\"name\":\"Startseite\",\"item\":\"https:\/\/www.lektoratsbuero-architektur.de\/\"},{\"@type\":\"ListItem\",\"position\":2,\"name\":\"\u00bb Datenschutz\"}]},{\"@type\":\"WebSite\",\"@id\":\"https:\/\/www.lektoratsbuero-architektur.de\/#website\",\"url\":\"https:\/\/www.lektoratsbuero-architektur.de\/\",\"name\":\"Lektoratsbuero Architektur\",\"description\":\"Internationales Lektoratsb\u00fcro Architektur von Andreas M\u00fcller und Ria Stein\",\"potentialAction\":[{\"@type\":\"SearchAction\",\"target\":{\"@type\":\"EntryPoint\",\"urlTemplate\":\"https:\/\/www.lektoratsbuero-architektur.de\/?s={search_term_string}\"},\"query-input\":\"required name=search_term_string\"}],\"inLanguage\":\"en-US\"}]}<\/script>\n<!-- \/ Yoast SEO plugin. -->","yoast_head_json":{"title":"\u00bb Datenschutz - Lektoratsbuero Architektur","robots":{"index":"index","follow":"follow","max-snippet":"max-snippet:-1","max-image-preview":"max-image-preview:large","max-video-preview":"max-video-preview:-1"},"canonical":"https:\/\/www.lektoratsbuero-architektur.de\/en\/datenschutz\/","og_locale":"en_US","og_type":"article","og_title":"\u00bb Datenschutz - Lektoratsbuero Architektur","og_description":"Datenschutzerkl\u00e4rung\u00a0 1. Datenschutz auf einen Blick Allgemeine Hinweise Die folgenden Hinweise geben einen einfachen \u00dcberblick daru\u0308ber, was mit Ihren personenbezogenen Daten passiert, wenn Sie diese Website besuchen. Personenbezogene Daten sind alle Daten, mit denen Sie pers\u00f6nlich identifiziert werden k\u00f6nnen. Ausfu\u0308hrliche Informationen zum Thema Datenschutz entnehmen Sie unserer unter diesem Text aufgefu\u0308hrten Datenschutzerkl\u00e4rung. Datenerfassung auf dieser [&hellip;]","og_url":"https:\/\/www.lektoratsbuero-architektur.de\/en\/datenschutz\/","og_site_name":"Lektoratsbuero Architektur","article_modified_time":"2022-02-23T11:21:38+00:00","twitter_card":"summary_large_image","twitter_misc":{"Est. reading time":"11 minutes"},"schema":{"@context":"https:\/\/schema.org","@graph":[{"@type":"WebPage","@id":"https:\/\/www.lektoratsbuero-architektur.de\/datenschutz\/","url":"https:\/\/www.lektoratsbuero-architektur.de\/datenschutz\/","name":"\u00bb Datenschutz - Lektoratsbuero Architektur","isPartOf":{"@id":"https:\/\/www.lektoratsbuero-architektur.de\/#website"},"datePublished":"2021-02-02T22:32:18+00:00","dateModified":"2022-02-23T11:21:38+00:00","breadcrumb":{"@id":"https:\/\/www.lektoratsbuero-architektur.de\/datenschutz\/#breadcrumb"},"inLanguage":"en-US","potentialAction":[{"@type":"ReadAction","target":["https:\/\/www.lektoratsbuero-architektur.de\/datenschutz\/"]}]},{"@type":"BreadcrumbList","@id":"https:\/\/www.lektoratsbuero-architektur.de\/datenschutz\/#breadcrumb","itemListElement":[{"@type":"ListItem","position":1,"name":"Startseite","item":"https:\/\/www.lektoratsbuero-architektur.de\/"},{"@type":"ListItem","position":2,"name":"\u00bb Datenschutz"}]},{"@type":"WebSite","@id":"https:\/\/www.lektoratsbuero-architektur.de\/#website","url":"https:\/\/www.lektoratsbuero-architektur.de\/","name":"Lektoratsbuero Architektur","description":"Internationales Lektoratsb\u00fcro Architektur von Andreas M\u00fcller und Ria Stein","potentialAction":[{"@type":"SearchAction","target":{"@type":"EntryPoint","urlTemplate":"https:\/\/www.lektoratsbuero-architektur.de\/?s={search_term_string}"},"query-input":"required name=search_term_string"}],"inLanguage":"en-US"}]}},"_links":{"self":[{"href":"https:\/\/www.lektoratsbuero-architektur.de\/en\/wp-json\/wp\/v2\/pages\/425"}],"collection":[{"href":"https:\/\/www.lektoratsbuero-architektur.de\/en\/wp-json\/wp\/v2\/pages"}],"about":[{"href":"https:\/\/www.lektoratsbuero-architektur.de\/en\/wp-json\/wp\/v2\/types\/page"}],"author":[{"embeddable":true,"href":"https:\/\/www.lektoratsbuero-architektur.de\/en\/wp-json\/wp\/v2\/users\/1"}],"replies":[{"embeddable":true,"href":"https:\/\/www.lektoratsbuero-architektur.de\/en\/wp-json\/wp\/v2\/comments?post=425"}],"version-history":[{"count":5,"href":"https:\/\/www.lektoratsbuero-architektur.de\/en\/wp-json\/wp\/v2\/pages\/425\/revisions"}],"predecessor-version":[{"id":3006,"href":"https:\/\/www.lektoratsbuero-architektur.de\/en\/wp-json\/wp\/v2\/pages\/425\/revisions\/3006"}],"wp:attachment":[{"href":"https:\/\/www.lektoratsbuero-architektur.de\/en\/wp-json\/wp\/v2\/media?parent=425"}],"curies":[{"name":"wp","href":"https:\/\/api.w.org\/{rel}","templated":true}]}}