{"id":414,"date":"2021-02-02T22:08:07","date_gmt":"2021-02-02T22:08:07","guid":{"rendered":"http:\/\/www.lektoratsbuero-architektur.de\/?page_id=414"},"modified":"2024-03-05T20:22:00","modified_gmt":"2024-03-05T20:22:00","slug":"startseite","status":"publish","type":"page","link":"https:\/\/www.lektoratsbuero-architektur.de\/en\/startseite\/","title":{"rendered":"Home"},"content":{"rendered":"<p>[et_pb_section fb_built=&#8220;1&#8243; _builder_version=&#8220;4.16&#8243; _module_preset=&#8220;default&#8220; custom_margin=&#8220;||||false|false&#8220; custom_padding=&#8220;0px||||false|false&#8220; global_colors_info=&#8220;{}&#8220;][et_pb_row column_structure=&#8220;1_3,1_3,1_3&#8243; use_custom_gutter=&#8220;on&#8220; gutter_width=&#8220;2&#8243; _builder_version=&#8220;4.16&#8243; _module_preset=&#8220;default&#8220; custom_margin=&#8220;0px||||false|false&#8220; global_colors_info=&#8220;{}&#8220;][et_pb_column type=&#8220;1_3&#8243; _builder_version=&#8220;4.16&#8243; _module_preset=&#8220;default&#8220; border_width_top=&#8220;4px&#8220; border_color_top=&#8220;rgba(0,0,0,0)&#8220; global_colors_info=&#8220;{}&#8220;][et_pb_text _builder_version=&#8220;4.16&#8243; _module_preset=&#8220;default&#8220; text_font=&#8220;||||||||&#8220; header_2_font=&#8220;Source Serif Pro||||||||&#8220; header_2_text_color=&#8220;#2b2b2b&#8220; header_2_font_size=&#8220;25px&#8220; custom_padding=&#8220;10px||10px||false|false&#8220; border_width_top=&#8220;4px&#8220; global_colors_info=&#8220;{}&#8220;]<\/p>\n<h3><strong>Consulting<\/strong><\/h3>\n<p>We have more than twenty years\u2019 experience of architectural book publishing, both in Europe as well as in North America, and have an in-depth understanding of the processes in the publishing world. We can provide guidance on finding an appropriate framework and format for your publication as well as advice on securing appropriate financing.<\/p>\n<p>[\/et_pb_text][et_pb_divider show_divider=&#8220;off&#8220; show_divider_tablet=&#8220;off&#8220; show_divider_phone=&#8220;off&#8220; show_divider_last_edited=&#8220;on|phone&#8220; disabled_on=&#8220;off|off|on&#8220; _builder_version=&#8220;4.16&#8243; _module_preset=&#8220;default&#8220; background_color=&#8220;#FFFFFF&#8220; border_color_all=&#8220;RGBA(255,255,255,0)&#8220; global_colors_info=&#8220;{}&#8220;][\/et_pb_divider][et_pb_text _builder_version=&#8220;4.16&#8243; _module_preset=&#8220;default&#8220; header_2_font=&#8220;Source Serif Pro||||||||&#8220; header_2_text_color=&#8220;#22c991&#8243; header_2_font_size=&#8220;25px&#8220; custom_padding=&#8220;10px||10px||false|false&#8220; border_width_top=&#8220;4px&#8220; global_colors_info=&#8220;{}&#8220;]<\/p>\n<h3><strong><span style=\"color: #2b2b2b;\">Editorial Direction<\/span><\/strong><\/h3>\n<p>Based on our long-standing contacts we can quickly assemble a competent team of contributors or recommend a graphic designer as well as oversee the editorial direction of a planned publication. We can, for instance, turn an interview into a coherent piece of writing, compile requisite images and devise an appropriate concept for your architectural monograph, company brochure or scientific or technical manual.<br \/>\n[\/et_pb_text][et_pb_divider show_divider=&#8220;off&#8220; show_divider_tablet=&#8220;off&#8220; show_divider_phone=&#8220;off&#8220; show_divider_last_edited=&#8220;on|phone&#8220; disabled_on=&#8220;off|off|on&#8220; _builder_version=&#8220;4.16&#8243; _module_preset=&#8220;default&#8220; background_color=&#8220;#FFFFFF&#8220; border_color_all=&#8220;RGBA(255,255,255,0)&#8220; global_colors_info=&#8220;{}&#8220;][\/et_pb_divider][\/et_pb_column][et_pb_column type=&#8220;1_3&#8243; _builder_version=&#8220;4.16&#8243; _module_preset=&#8220;default&#8220; border_width_top=&#8220;4px&#8220; border_color_top=&#8220;rgba(0,0,0,0)&#8220; global_colors_info=&#8220;{}&#8220;][et_pb_text _builder_version=&#8220;4.16&#8243; _module_preset=&#8220;default&#8220; header_2_font=&#8220;Source Serif Pro||||||||&#8220; header_2_text_color=&#8220;#22c991&#8243; header_2_font_size=&#8220;25px&#8220; custom_padding=&#8220;10px||10px||false|false&#8220; border_width_top=&#8220;4px&#8220; global_colors_info=&#8220;{}&#8220;]<\/p>\n<h3><strong><span style=\"color: #2b2b2b;\">Conception<\/span><\/strong><\/h3>\n<p>In the realm of academic books in particular, authors need guidance in structuring and organizing content in an accessible way. How does one proceed from an idea for a publication to the printed book? We accompany you through the entire process, helping you to develop a coherent and convincing project outline, always with an eye on achieving a meaningful and viable end result.<br \/>\n[\/et_pb_text][et_pb_divider show_divider=&#8220;off&#8220; show_divider_tablet=&#8220;off&#8220; show_divider_phone=&#8220;off&#8220; show_divider_last_edited=&#8220;on|phone&#8220; disabled_on=&#8220;off|off|on&#8220; _builder_version=&#8220;4.16&#8243; _module_preset=&#8220;default&#8220; background_color=&#8220;#FFFFFF&#8220; border_color_all=&#8220;RGBA(255,255,255,0)&#8220; global_colors_info=&#8220;{}&#8220;][\/et_pb_divider][et_pb_text _builder_version=&#8220;4.16&#8243; _module_preset=&#8220;default&#8220; header_2_font=&#8220;Source Serif Pro||||||||&#8220; header_2_text_color=&#8220;#22c991&#8243; header_2_font_size=&#8220;25px&#8220; custom_padding=&#8220;10px||10px||false|false&#8220; border_width_top=&#8220;4px&#8220; global_colors_info=&#8220;{}&#8220;]<\/p>\n<h3 class=\"titel_kursiv\"><strong><span style=\"color: #2b2b2b;\">Text Editing<\/span><\/strong><\/h3>\n<p>Since 1989, we have worked actively as freelance editors primarily in the fields of architecture, landscape design and urban design. We are not afraid to undertake sometimes extensive copy-editing in the interests of clarifying a complex subject matter and producing a coherent and well-structured text that is accessible to a wider audience. If required, we can also proofread pageproofs for orthographic errors \u2013 in English and German \u2013 as well as address layout issues and ensure consistent style and presentation.<br \/>\n[\/et_pb_text][et_pb_divider show_divider=&#8220;off&#8220; show_divider_tablet=&#8220;off&#8220; show_divider_phone=&#8220;off&#8220; show_divider_last_edited=&#8220;on|phone&#8220; disabled_on=&#8220;off|off|on&#8220; _builder_version=&#8220;4.16&#8243; _module_preset=&#8220;default&#8220; background_color=&#8220;#FFFFFF&#8220; border_color_all=&#8220;RGBA(255,255,255,0)&#8220; global_colors_info=&#8220;{}&#8220;][\/et_pb_divider][\/et_pb_column][et_pb_column type=&#8220;1_3&#8243; _builder_version=&#8220;4.16&#8243; _module_preset=&#8220;default&#8220; global_colors_info=&#8220;{}&#8220;][et_pb_text _builder_version=&#8220;4.16&#8243; _module_preset=&#8220;default&#8220; header_2_font=&#8220;Source Serif Pro||||||||&#8220; header_2_text_color=&#8220;#22c991&#8243; header_2_font_size=&#8220;25px&#8220; custom_padding=&#8220;10px||10px||false|false&#8220; border_width_top=&#8220;4px&#8220; global_colors_info=&#8220;{}&#8220;]<\/p>\n<h3><strong><span style=\"color: #2b2b2b;\">Project Management<\/span><\/strong><\/h3>\n<p>Book production involves many players that need to be coordinated carefully in order to meet a publication deadline. Our network with two partners and other freelance editors means that we can take on projects with tight schedules, such as exhibition catalogues. We work together with many people who contribute to book productions, such as translators, graphic designers, printers and other book production companies, and can manage the entire organizational process of guiding a book to publication.<\/p>\n<p>[\/et_pb_text][et_pb_divider show_divider=&#8220;off&#8220; show_divider_tablet=&#8220;off&#8220; show_divider_phone=&#8220;off&#8220; show_divider_last_edited=&#8220;on|phone&#8220; disabled_on=&#8220;off|off|on&#8220; _builder_version=&#8220;4.16&#8243; _module_preset=&#8220;default&#8220; background_color=&#8220;#FFFFFF&#8220; border_color_all=&#8220;RGBA(255,255,255,0)&#8220; global_colors_info=&#8220;{}&#8220;][\/et_pb_divider][et_pb_text _builder_version=&#8220;4.16&#8243; _module_preset=&#8220;default&#8220; header_2_font=&#8220;Source Serif Pro||||||||&#8220; header_2_text_color=&#8220;#22c991&#8243; header_2_font_size=&#8220;25px&#8220; custom_padding=&#8220;10px||10px||false|false&#8220; border_width_top=&#8220;4px&#8220; global_colors_info=&#8220;{}&#8220;]<\/p>\n<h3><strong><span style=\"color: #2b2b2b;\">Translations<\/span><\/strong><\/h3>\n<p>We can provide translations of professional texts from English or French into German. With more than twenty years\u2019 experience of editing specialist texts and translations, we are fully aware of the typical problems and pitfalls of translations. We check each other\u2019s work so that your translation is ready to go.<br \/>\n[\/et_pb_text][\/et_pb_column][\/et_pb_row][\/et_pb_section]<\/p>","protected":false},"excerpt":{"rendered":"<p>Beratung Wir kennen die deutschsprachige und internationale Verlagslandschaft im Architekturbereich seit \u00fcber zwanzig Jahren und k\u00f6nnen Ihnen helfen, den richtigen Rahmen und das passende Format f\u00fcr Ihr Buch zu finden. Auch die Finanzierung eines gro\u00dfen Buchprojekts will wohl \u00fcberlegt sein\u2026Herausgeberschaft Durch langj\u00e4hrige Kontakte k\u00f6nnen wir f\u00fcr eine geplante Publikation nicht nur rasch ein sachkundiges Team [&hellip;]<\/p>","protected":false},"author":1,"featured_media":0,"parent":0,"menu_order":0,"comment_status":"closed","ping_status":"closed","template":"","meta":{"_et_pb_use_builder":"on","_et_pb_old_content":"","_et_gb_content_width":"","footnotes":""},"yoast_head":"<!-- This site is optimized with the Yoast SEO plugin v22.2 - https:\/\/yoast.com\/wordpress\/plugins\/seo\/ -->\n<title>Home - Lektoratsbuero Architektur<\/title>\n<meta name=\"description\" content=\"Das internationale Lektoratsb\u00fcro Architektur von Ria Stein in Berlin, in Zusammenarbeit mit Andreas M\u00fcller, betreut seit vielen Jahren Architekturpublikationen aller Art in gedruckter und elektronischer Form, in weltweiter Kooperation mit Architekten in Lehre und Praxis, Verlagen und Autoren, Graphikern und \u00dcbersetzern.\" \/>\n<meta name=\"robots\" content=\"index, follow, max-snippet:-1, max-image-preview:large, max-video-preview:-1\" \/>\n<link rel=\"canonical\" href=\"https:\/\/www.lektoratsbuero-architektur.de\/en\/startseite\/\" \/>\n<meta property=\"og:locale\" content=\"en_US\" \/>\n<meta property=\"og:type\" content=\"article\" \/>\n<meta property=\"og:title\" content=\"Home - Lektoratsbuero Architektur\" \/>\n<meta property=\"og:description\" content=\"Das internationale Lektoratsb\u00fcro Architektur von Ria Stein in Berlin, in Zusammenarbeit mit Andreas M\u00fcller, betreut seit vielen Jahren Architekturpublikationen aller Art in gedruckter und elektronischer Form, in weltweiter Kooperation mit Architekten in Lehre und Praxis, Verlagen und Autoren, Graphikern und \u00dcbersetzern.\" \/>\n<meta property=\"og:url\" content=\"https:\/\/www.lektoratsbuero-architektur.de\/en\/startseite\/\" \/>\n<meta property=\"og:site_name\" content=\"Lektoratsbuero Architektur\" \/>\n<meta property=\"article:modified_time\" content=\"2024-03-05T20:22:00+00:00\" \/>\n<meta name=\"twitter:card\" content=\"summary_large_image\" \/>\n<meta name=\"twitter:label1\" content=\"Est. reading time\" \/>\n\t<meta name=\"twitter:data1\" content=\"3 minutes\" \/>\n<script type=\"application\/ld+json\" class=\"yoast-schema-graph\">{\"@context\":\"https:\/\/schema.org\",\"@graph\":[{\"@type\":\"WebPage\",\"@id\":\"https:\/\/www.lektoratsbuero-architektur.de\/startseite\/\",\"url\":\"https:\/\/www.lektoratsbuero-architektur.de\/startseite\/\",\"name\":\"Home - Lektoratsbuero Architektur\",\"isPartOf\":{\"@id\":\"https:\/\/www.lektoratsbuero-architektur.de\/#website\"},\"datePublished\":\"2021-02-02T22:08:07+00:00\",\"dateModified\":\"2024-03-05T20:22:00+00:00\",\"description\":\"Das internationale Lektoratsb\u00fcro Architektur von Ria Stein in Berlin, in Zusammenarbeit mit Andreas M\u00fcller, betreut seit vielen Jahren Architekturpublikationen aller Art in gedruckter und elektronischer Form, in weltweiter Kooperation mit Architekten in Lehre und Praxis, Verlagen und Autoren, Graphikern und \u00dcbersetzern.\",\"breadcrumb\":{\"@id\":\"https:\/\/www.lektoratsbuero-architektur.de\/startseite\/#breadcrumb\"},\"inLanguage\":\"en-US\",\"potentialAction\":[{\"@type\":\"ReadAction\",\"target\":[\"https:\/\/www.lektoratsbuero-architektur.de\/startseite\/\"]}]},{\"@type\":\"BreadcrumbList\",\"@id\":\"https:\/\/www.lektoratsbuero-architektur.de\/startseite\/#breadcrumb\",\"itemListElement\":[{\"@type\":\"ListItem\",\"position\":1,\"name\":\"Startseite\",\"item\":\"https:\/\/www.lektoratsbuero-architektur.de\/\"},{\"@type\":\"ListItem\",\"position\":2,\"name\":\"Home\"}]},{\"@type\":\"WebSite\",\"@id\":\"https:\/\/www.lektoratsbuero-architektur.de\/#website\",\"url\":\"https:\/\/www.lektoratsbuero-architektur.de\/\",\"name\":\"Lektoratsbuero Architektur\",\"description\":\"Internationales Lektoratsb\u00fcro Architektur von Andreas M\u00fcller und Ria Stein\",\"potentialAction\":[{\"@type\":\"SearchAction\",\"target\":{\"@type\":\"EntryPoint\",\"urlTemplate\":\"https:\/\/www.lektoratsbuero-architektur.de\/?s={search_term_string}\"},\"query-input\":\"required name=search_term_string\"}],\"inLanguage\":\"en-US\"}]}<\/script>\n<!-- \/ Yoast SEO plugin. -->","yoast_head_json":{"title":"Home - Lektoratsbuero Architektur","description":"Das internationale Lektoratsb\u00fcro Architektur von Ria Stein in Berlin, in Zusammenarbeit mit Andreas M\u00fcller, betreut seit vielen Jahren Architekturpublikationen aller Art in gedruckter und elektronischer Form, in weltweiter Kooperation mit Architekten in Lehre und Praxis, Verlagen und Autoren, Graphikern und \u00dcbersetzern.","robots":{"index":"index","follow":"follow","max-snippet":"max-snippet:-1","max-image-preview":"max-image-preview:large","max-video-preview":"max-video-preview:-1"},"canonical":"https:\/\/www.lektoratsbuero-architektur.de\/en\/startseite\/","og_locale":"en_US","og_type":"article","og_title":"Home - Lektoratsbuero Architektur","og_description":"Das internationale Lektoratsb\u00fcro Architektur von Ria Stein in Berlin, in Zusammenarbeit mit Andreas M\u00fcller, betreut seit vielen Jahren Architekturpublikationen aller Art in gedruckter und elektronischer Form, in weltweiter Kooperation mit Architekten in Lehre und Praxis, Verlagen und Autoren, Graphikern und \u00dcbersetzern.","og_url":"https:\/\/www.lektoratsbuero-architektur.de\/en\/startseite\/","og_site_name":"Lektoratsbuero Architektur","article_modified_time":"2024-03-05T20:22:00+00:00","twitter_card":"summary_large_image","twitter_misc":{"Est. reading time":"3 minutes"},"schema":{"@context":"https:\/\/schema.org","@graph":[{"@type":"WebPage","@id":"https:\/\/www.lektoratsbuero-architektur.de\/startseite\/","url":"https:\/\/www.lektoratsbuero-architektur.de\/startseite\/","name":"Home - Lektoratsbuero Architektur","isPartOf":{"@id":"https:\/\/www.lektoratsbuero-architektur.de\/#website"},"datePublished":"2021-02-02T22:08:07+00:00","dateModified":"2024-03-05T20:22:00+00:00","description":"Das internationale Lektoratsb\u00fcro Architektur von Ria Stein in Berlin, in Zusammenarbeit mit Andreas M\u00fcller, betreut seit vielen Jahren Architekturpublikationen aller Art in gedruckter und elektronischer Form, in weltweiter Kooperation mit Architekten in Lehre und Praxis, Verlagen und Autoren, Graphikern und \u00dcbersetzern.","breadcrumb":{"@id":"https:\/\/www.lektoratsbuero-architektur.de\/startseite\/#breadcrumb"},"inLanguage":"en-US","potentialAction":[{"@type":"ReadAction","target":["https:\/\/www.lektoratsbuero-architektur.de\/startseite\/"]}]},{"@type":"BreadcrumbList","@id":"https:\/\/www.lektoratsbuero-architektur.de\/startseite\/#breadcrumb","itemListElement":[{"@type":"ListItem","position":1,"name":"Startseite","item":"https:\/\/www.lektoratsbuero-architektur.de\/"},{"@type":"ListItem","position":2,"name":"Home"}]},{"@type":"WebSite","@id":"https:\/\/www.lektoratsbuero-architektur.de\/#website","url":"https:\/\/www.lektoratsbuero-architektur.de\/","name":"Lektoratsbuero Architektur","description":"Internationales Lektoratsb\u00fcro Architektur von Andreas M\u00fcller und Ria Stein","potentialAction":[{"@type":"SearchAction","target":{"@type":"EntryPoint","urlTemplate":"https:\/\/www.lektoratsbuero-architektur.de\/?s={search_term_string}"},"query-input":"required name=search_term_string"}],"inLanguage":"en-US"}]}},"_links":{"self":[{"href":"https:\/\/www.lektoratsbuero-architektur.de\/en\/wp-json\/wp\/v2\/pages\/414"}],"collection":[{"href":"https:\/\/www.lektoratsbuero-architektur.de\/en\/wp-json\/wp\/v2\/pages"}],"about":[{"href":"https:\/\/www.lektoratsbuero-architektur.de\/en\/wp-json\/wp\/v2\/types\/page"}],"author":[{"embeddable":true,"href":"https:\/\/www.lektoratsbuero-architektur.de\/en\/wp-json\/wp\/v2\/users\/1"}],"replies":[{"embeddable":true,"href":"https:\/\/www.lektoratsbuero-architektur.de\/en\/wp-json\/wp\/v2\/comments?post=414"}],"version-history":[{"count":5,"href":"https:\/\/www.lektoratsbuero-architektur.de\/en\/wp-json\/wp\/v2\/pages\/414\/revisions"}],"predecessor-version":[{"id":3032,"href":"https:\/\/www.lektoratsbuero-architektur.de\/en\/wp-json\/wp\/v2\/pages\/414\/revisions\/3032"}],"wp:attachment":[{"href":"https:\/\/www.lektoratsbuero-architektur.de\/en\/wp-json\/wp\/v2\/media?parent=414"}],"curies":[{"name":"wp","href":"https:\/\/api.w.org\/{rel}","templated":true}]}}